{"id":4908,"date":"2021-05-11T21:13:54","date_gmt":"2021-05-12T02:13:54","guid":{"rendered":"https:\/\/www.bib.ibero.mx\/site\/?page_id=4908"},"modified":"2021-05-12T11:29:31","modified_gmt":"2021-05-12T16:29:31","slug":"cuadernos-de-reflexion-universitaria","status":"publish","type":"page","link":"https:\/\/www.bib.ibero.mx\/site\/index.php\/cuadernos-de-reflexion-universitaria\/","title":{"rendered":"Cuadernos de Reflexi\u00f3n Universitaria"},"content":{"rendered":"\t\t<div data-elementor-type=\"wp-page\" data-elementor-id=\"4908\" class=\"elementor elementor-4908\">\n\t\t\t\t\t\t<div class=\"elementor-inner\">\n\t\t\t\t<div class=\"elementor-section-wrap\">\n\t\t\t\t\t\t\t\t\t<section class=\"elementor-section elementor-top-section elementor-element elementor-element-9dc15c3 elementor-section-boxed elementor-section-height-default elementor-section-height-default\" data-id=\"9dc15c3\" data-element_type=\"section\">\n\t\t\t\t\t\t<div class=\"elementor-container elementor-column-gap-default\">\n\t\t\t\t\t\t\t<div class=\"elementor-row\">\n\t\t\t\t\t<div class=\"elementor-column elementor-col-33 elementor-top-column elementor-element elementor-element-4959383\" data-id=\"4959383\" data-element_type=\"column\">\n\t\t\t<div class=\"elementor-column-wrap elementor-element-populated\">\n\t\t\t\t\t\t\t<div class=\"elementor-widget-wrap\">\n\t\t\t\t\t\t<div class=\"elementor-element elementor-element-95a1829 elementor-widget elementor-widget-text-editor\" data-id=\"95a1829\" data-element_type=\"widget\" data-widget_type=\"text-editor.default\">\n\t\t\t\t<div class=\"elementor-widget-container\">\n\t\t\t\t\t\t\t\t<div class=\"elementor-text-editor elementor-clearfix\">\n\t\t\t\t<p><a href=\"https:\/\/www.bib.ibero.mx\/site\/wp-content\/uploads\/2021\/05\/ru_01.pdf\" target=\"_blank\" rel=\"noopener\" data-wplink-url-error=\"true\"><img decoding=\"async\" loading=\"lazy\" class=\"aligncenter wp-image-4916 size-full\" src=\"https:\/\/www.bib.ibero.mx\/site\/wp-content\/uploads\/2021\/05\/01_cuaderno1.jpg\" alt=\"\" width=\"131\" height=\"200\" \/><\/a><\/p><p><span style=\"color: #000000;\">Universidad y libertad de conciencia<\/span><br \/>Lic. Efra\u00edn Gonz\u00e1lez Morfin<\/p>\t\t\t\t\t<\/div>\n\t\t\t\t\t\t<\/div>\n\t\t\t\t<\/div>\n\t\t\t\t\t\t<\/div>\n\t\t\t\t\t<\/div>\n\t\t<\/div>\n\t\t\t\t<div class=\"elementor-column elementor-col-33 elementor-top-column elementor-element elementor-element-236273e\" data-id=\"236273e\" data-element_type=\"column\">\n\t\t\t<div class=\"elementor-column-wrap elementor-element-populated\">\n\t\t\t\t\t\t\t<div class=\"elementor-widget-wrap\">\n\t\t\t\t\t\t<div class=\"elementor-element elementor-element-ca21cf7 elementor-widget elementor-widget-text-editor\" data-id=\"ca21cf7\" data-element_type=\"widget\" data-widget_type=\"text-editor.default\">\n\t\t\t\t<div class=\"elementor-widget-container\">\n\t\t\t\t\t\t\t\t<div class=\"elementor-text-editor elementor-clearfix\">\n\t\t\t\t<p><a href=\"https:\/\/www.bib.ibero.mx\/site\/wp-content\/uploads\/2021\/05\/ru_02.pdf\" target=\"_blank\" rel=\"noopener\"><img decoding=\"async\" loading=\"lazy\" class=\"aligncenter wp-image-4917 size-full\" src=\"https:\/\/www.bib.ibero.mx\/site\/wp-content\/uploads\/2021\/05\/02_cuaderno2.jpg\" alt=\"\" width=\"134\" height=\"200\" \/><\/a><\/p><p><span style=\"color: #000000;\">Orientaciones de la iglesia y de la Compa\u00f1\u00eda de Jes\u00fas acerca de la educaci\u00f3n<\/span><br \/>Mtro. Manuel Aceves Araiza, S.J.<\/p>\t\t\t\t\t<\/div>\n\t\t\t\t\t\t<\/div>\n\t\t\t\t<\/div>\n\t\t\t\t\t\t<\/div>\n\t\t\t\t\t<\/div>\n\t\t<\/div>\n\t\t\t\t<div class=\"elementor-column elementor-col-33 elementor-top-column elementor-element elementor-element-30caf6b\" data-id=\"30caf6b\" data-element_type=\"column\">\n\t\t\t<div class=\"elementor-column-wrap elementor-element-populated\">\n\t\t\t\t\t\t\t<div class=\"elementor-widget-wrap\">\n\t\t\t\t\t\t<div class=\"elementor-element elementor-element-9df43d8 elementor-widget elementor-widget-text-editor\" data-id=\"9df43d8\" data-element_type=\"widget\" data-widget_type=\"text-editor.default\">\n\t\t\t\t<div class=\"elementor-widget-container\">\n\t\t\t\t\t\t\t\t<div class=\"elementor-text-editor elementor-clearfix\">\n\t\t\t\t<p><a href=\"https:\/\/www.bib.ibero.mx\/site\/wp-content\/uploads\/2021\/05\/ru_03.pdf\" target=\"_blank\" rel=\"noopener\"><img decoding=\"async\" loading=\"lazy\" class=\"aligncenter wp-image-4919 size-full\" src=\"https:\/\/www.bib.ibero.mx\/site\/wp-content\/uploads\/2021\/05\/03_cuderno3.jpg\" alt=\"\" width=\"125\" height=\"200\" \/><\/a><\/p><p><span style=\"color: #000000;\">C\u00f3mo entender aqu\u00ed y ahora la universidad de inspiraci\u00f3n cristiana<\/span> <br \/>Dr. Jes\u00fas Vergara Aceves, S.J.<\/p>\t\t\t\t\t<\/div>\n\t\t\t\t\t\t<\/div>\n\t\t\t\t<\/div>\n\t\t\t\t\t\t<\/div>\n\t\t\t\t\t<\/div>\n\t\t<\/div>\n\t\t\t\t\t\t\t\t<\/div>\n\t\t\t\t\t<\/div>\n\t\t<\/section>\n\t\t\t\t<section class=\"elementor-section elementor-top-section elementor-element elementor-element-9a62a99 elementor-section-boxed elementor-section-height-default elementor-section-height-default\" data-id=\"9a62a99\" data-element_type=\"section\">\n\t\t\t\t\t\t<div class=\"elementor-container elementor-column-gap-default\">\n\t\t\t\t\t\t\t<div class=\"elementor-row\">\n\t\t\t\t\t<div class=\"elementor-column elementor-col-33 elementor-top-column elementor-element elementor-element-689d20e\" data-id=\"689d20e\" data-element_type=\"column\">\n\t\t\t<div class=\"elementor-column-wrap elementor-element-populated\">\n\t\t\t\t\t\t\t<div class=\"elementor-widget-wrap\">\n\t\t\t\t\t\t<div class=\"elementor-element elementor-element-5612c53 elementor-widget elementor-widget-text-editor\" data-id=\"5612c53\" data-element_type=\"widget\" data-widget_type=\"text-editor.default\">\n\t\t\t\t<div class=\"elementor-widget-container\">\n\t\t\t\t\t\t\t\t<div class=\"elementor-text-editor elementor-clearfix\">\n\t\t\t\t<p><a href=\"https:\/\/www.bib.ibero.mx\/site\/wp-content\/uploads\/2021\/05\/ru_04.pdf\" target=\"_blank\" rel=\"noopener\"><img decoding=\"async\" loading=\"lazy\" class=\"aligncenter wp-image-4926 size-full\" src=\"https:\/\/www.bib.ibero.mx\/site\/wp-content\/uploads\/2021\/05\/04_cuedrno4.jpg\" alt=\"\" width=\"125\" height=\"200\" \/><\/a><\/p><p><span style=\"color: #000000;\">Comunicaci\u00f3n Social y Desarrollo Cultural<\/span> <br \/>Mtro. Francisco Prieto Echazo<\/p>\t\t\t\t\t<\/div>\n\t\t\t\t\t\t<\/div>\n\t\t\t\t<\/div>\n\t\t\t\t\t\t<\/div>\n\t\t\t\t\t<\/div>\n\t\t<\/div>\n\t\t\t\t<div class=\"elementor-column elementor-col-33 elementor-top-column elementor-element elementor-element-06fef7e\" data-id=\"06fef7e\" data-element_type=\"column\">\n\t\t\t<div class=\"elementor-column-wrap elementor-element-populated\">\n\t\t\t\t\t\t\t<div class=\"elementor-widget-wrap\">\n\t\t\t\t\t\t<div class=\"elementor-element elementor-element-c3fcc5c elementor-widget elementor-widget-text-editor\" data-id=\"c3fcc5c\" data-element_type=\"widget\" data-widget_type=\"text-editor.default\">\n\t\t\t\t<div class=\"elementor-widget-container\">\n\t\t\t\t\t\t\t\t<div class=\"elementor-text-editor elementor-clearfix\">\n\t\t\t\t<p><a href=\"https:\/\/www.bib.ibero.mx\/site\/wp-content\/uploads\/2021\/05\/ru_05.pdf\" target=\"_blank\" rel=\"noopener\"><img decoding=\"async\" loading=\"lazy\" class=\"aligncenter wp-image-4927 size-full\" src=\"https:\/\/www.bib.ibero.mx\/site\/wp-content\/uploads\/2021\/05\/05_cuaderno5.jpg\" alt=\"\" width=\"130\" height=\"200\" \/><\/a><\/p><p><span style=\"color: #000000;\">La espiral de la conciencia<\/span> <br \/>Mtro. Xavier Cacho V\u00e1zquez, S.J.<\/p>\t\t\t\t\t<\/div>\n\t\t\t\t\t\t<\/div>\n\t\t\t\t<\/div>\n\t\t\t\t\t\t<\/div>\n\t\t\t\t\t<\/div>\n\t\t<\/div>\n\t\t\t\t<div class=\"elementor-column elementor-col-33 elementor-top-column elementor-element elementor-element-b8fbb7a\" data-id=\"b8fbb7a\" data-element_type=\"column\">\n\t\t\t<div class=\"elementor-column-wrap elementor-element-populated\">\n\t\t\t\t\t\t\t<div class=\"elementor-widget-wrap\">\n\t\t\t\t\t\t<div class=\"elementor-element elementor-element-62b89be elementor-widget elementor-widget-text-editor\" data-id=\"62b89be\" data-element_type=\"widget\" data-widget_type=\"text-editor.default\">\n\t\t\t\t<div class=\"elementor-widget-container\">\n\t\t\t\t\t\t\t\t<div class=\"elementor-text-editor elementor-clearfix\">\n\t\t\t\t<p><a href=\"https:\/\/www.bib.ibero.mx\/site\/wp-content\/uploads\/2021\/05\/ru_06.pdf\" target=\"_blank\" rel=\"noopener\"><img decoding=\"async\" loading=\"lazy\" class=\"aligncenter wp-image-4928 size-full\" src=\"https:\/\/www.bib.ibero.mx\/site\/wp-content\/uploads\/2021\/05\/06_cuaderno6.jpg\" alt=\"\" width=\"129\" height=\"200\" \/><\/a><\/p><p><span style=\"color: #000000;\">El sentido de la universidad<\/span> <br \/>Dr. Carlos Escand\u00f3n Dom\u00ednguez, S.J.<\/p>\t\t\t\t\t<\/div>\n\t\t\t\t\t\t<\/div>\n\t\t\t\t<\/div>\n\t\t\t\t\t\t<\/div>\n\t\t\t\t\t<\/div>\n\t\t<\/div>\n\t\t\t\t\t\t\t\t<\/div>\n\t\t\t\t\t<\/div>\n\t\t<\/section>\n\t\t\t\t<section class=\"elementor-section elementor-top-section elementor-element elementor-element-7f969bb elementor-section-boxed elementor-section-height-default elementor-section-height-default\" data-id=\"7f969bb\" data-element_type=\"section\">\n\t\t\t\t\t\t<div class=\"elementor-container elementor-column-gap-default\">\n\t\t\t\t\t\t\t<div class=\"elementor-row\">\n\t\t\t\t\t<div class=\"elementor-column elementor-col-33 elementor-top-column elementor-element elementor-element-ccbb2fa\" data-id=\"ccbb2fa\" data-element_type=\"column\">\n\t\t\t<div class=\"elementor-column-wrap elementor-element-populated\">\n\t\t\t\t\t\t\t<div class=\"elementor-widget-wrap\">\n\t\t\t\t\t\t<div class=\"elementor-element elementor-element-351b60b elementor-widget elementor-widget-text-editor\" data-id=\"351b60b\" data-element_type=\"widget\" data-widget_type=\"text-editor.default\">\n\t\t\t\t<div class=\"elementor-widget-container\">\n\t\t\t\t\t\t\t\t<div class=\"elementor-text-editor elementor-clearfix\">\n\t\t\t\t<p><a href=\"https:\/\/www.bib.ibero.mx\/site\/wp-content\/uploads\/2021\/05\/ru_07.pdf\" target=\"_blank\" rel=\"noopener\"><img decoding=\"async\" loading=\"lazy\" class=\"aligncenter wp-image-4929 size-full\" src=\"https:\/\/www.bib.ibero.mx\/site\/wp-content\/uploads\/2021\/05\/07_cuaderno7.jpg\" alt=\"\" width=\"133\" height=\"200\" \/><\/a><\/p><p><span style=\"color: #000000;\">Visi\u00f3n del numerario sobre la universidad<\/span> <br \/>Mtro. J. Antonio Out\u00f3n<br \/>Lic. Efra\u00edn Gonz\u00e1lez Morfin<br \/>Mtro. Francisco Prieto Echazo<br \/>Dr. Miguel Villoro<\/p>\t\t\t\t\t<\/div>\n\t\t\t\t\t\t<\/div>\n\t\t\t\t<\/div>\n\t\t\t\t\t\t<\/div>\n\t\t\t\t\t<\/div>\n\t\t<\/div>\n\t\t\t\t<div class=\"elementor-column elementor-col-33 elementor-top-column elementor-element elementor-element-d775d2c\" data-id=\"d775d2c\" data-element_type=\"column\">\n\t\t\t<div class=\"elementor-column-wrap elementor-element-populated\">\n\t\t\t\t\t\t\t<div class=\"elementor-widget-wrap\">\n\t\t\t\t\t\t<div class=\"elementor-element elementor-element-064bca2 elementor-widget elementor-widget-text-editor\" data-id=\"064bca2\" data-element_type=\"widget\" data-widget_type=\"text-editor.default\">\n\t\t\t\t<div class=\"elementor-widget-container\">\n\t\t\t\t\t\t\t\t<div class=\"elementor-text-editor elementor-clearfix\">\n\t\t\t\t<p><a href=\"https:\/\/www.bib.ibero.mx\/site\/wp-content\/uploads\/2021\/05\/ru_08.pdf\" target=\"_blank\" rel=\"noopener\"><img decoding=\"async\" loading=\"lazy\" class=\"aligncenter wp-image-4930 size-full\" src=\"https:\/\/www.bib.ibero.mx\/site\/wp-content\/uploads\/2021\/05\/08_cuaderno8.jpg\" alt=\"\" width=\"131\" height=\"200\" \/><\/a><\/p><p><span style=\"color: #000000;\">Subdesarrollo: mitos, leyendas y realidades<\/span><br \/>Ing. Jos\u00e9 Cano Vallado<\/p>\t\t\t\t\t<\/div>\n\t\t\t\t\t\t<\/div>\n\t\t\t\t<\/div>\n\t\t\t\t\t\t<\/div>\n\t\t\t\t\t<\/div>\n\t\t<\/div>\n\t\t\t\t<div class=\"elementor-column elementor-col-33 elementor-top-column elementor-element elementor-element-49ab7aa\" data-id=\"49ab7aa\" data-element_type=\"column\">\n\t\t\t<div class=\"elementor-column-wrap elementor-element-populated\">\n\t\t\t\t\t\t\t<div class=\"elementor-widget-wrap\">\n\t\t\t\t\t\t<div class=\"elementor-element elementor-element-52f4930 elementor-widget elementor-widget-text-editor\" data-id=\"52f4930\" data-element_type=\"widget\" data-widget_type=\"text-editor.default\">\n\t\t\t\t<div class=\"elementor-widget-container\">\n\t\t\t\t\t\t\t\t<div class=\"elementor-text-editor elementor-clearfix\">\n\t\t\t\t<p><a href=\"https:\/\/www.bib.ibero.mx\/site\/wp-content\/uploads\/2021\/05\/ru_09.pdf\" target=\"_blank\" rel=\"noopener\"><img decoding=\"async\" loading=\"lazy\" class=\"aligncenter wp-image-4931 size-full\" src=\"https:\/\/www.bib.ibero.mx\/site\/wp-content\/uploads\/2021\/05\/09_cuaderno9.jpg\" alt=\"\" width=\"132\" height=\"200\" \/><\/a><\/p><p><span style=\"color: #000000;\">La Universidad jesuita hoy<\/span> <br \/>P. George A.Aschenbrenner, S.J.<\/p>\t\t\t\t\t<\/div>\n\t\t\t\t\t\t<\/div>\n\t\t\t\t<\/div>\n\t\t\t\t\t\t<\/div>\n\t\t\t\t\t<\/div>\n\t\t<\/div>\n\t\t\t\t\t\t\t\t<\/div>\n\t\t\t\t\t<\/div>\n\t\t<\/section>\n\t\t\t\t<section class=\"elementor-section elementor-top-section elementor-element elementor-element-496dbfa elementor-section-boxed elementor-section-height-default elementor-section-height-default\" data-id=\"496dbfa\" data-element_type=\"section\">\n\t\t\t\t\t\t<div class=\"elementor-container elementor-column-gap-default\">\n\t\t\t\t\t\t\t<div class=\"elementor-row\">\n\t\t\t\t\t<div class=\"elementor-column elementor-col-33 elementor-top-column elementor-element elementor-element-19d0720\" data-id=\"19d0720\" data-element_type=\"column\">\n\t\t\t<div class=\"elementor-column-wrap elementor-element-populated\">\n\t\t\t\t\t\t\t<div class=\"elementor-widget-wrap\">\n\t\t\t\t\t\t<div class=\"elementor-element elementor-element-fb15191 elementor-widget elementor-widget-text-editor\" data-id=\"fb15191\" data-element_type=\"widget\" data-widget_type=\"text-editor.default\">\n\t\t\t\t<div class=\"elementor-widget-container\">\n\t\t\t\t\t\t\t\t<div class=\"elementor-text-editor elementor-clearfix\">\n\t\t\t\t<p><a href=\"https:\/\/www.bib.ibero.mx\/site\/wp-content\/uploads\/2021\/05\/ru_10.pdf\" target=\"_blank\" rel=\"noopener\"><img decoding=\"async\" loading=\"lazy\" class=\"aligncenter wp-image-4932 size-full\" src=\"https:\/\/www.bib.ibero.mx\/site\/wp-content\/uploads\/2021\/05\/10_cuaderno10.jpg\" alt=\"\" width=\"129\" height=\"200\" \/><\/a><\/p><p><span style=\"color: #000000;\">Caracter\u00edsticas esenciales de la universidad de inspiraci\u00f3n cristiana<\/span> <br \/>P. James W.Sauve, S.J.<\/p>\t\t\t\t\t<\/div>\n\t\t\t\t\t\t<\/div>\n\t\t\t\t<\/div>\n\t\t\t\t\t\t<\/div>\n\t\t\t\t\t<\/div>\n\t\t<\/div>\n\t\t\t\t<div class=\"elementor-column elementor-col-33 elementor-top-column elementor-element elementor-element-c527192\" data-id=\"c527192\" data-element_type=\"column\">\n\t\t\t<div class=\"elementor-column-wrap elementor-element-populated\">\n\t\t\t\t\t\t\t<div class=\"elementor-widget-wrap\">\n\t\t\t\t\t\t<div class=\"elementor-element elementor-element-c43219e elementor-widget elementor-widget-text-editor\" data-id=\"c43219e\" data-element_type=\"widget\" data-widget_type=\"text-editor.default\">\n\t\t\t\t<div class=\"elementor-widget-container\">\n\t\t\t\t\t\t\t\t<div class=\"elementor-text-editor elementor-clearfix\">\n\t\t\t\t<p><a href=\"https:\/\/www.bib.ibero.mx\/site\/wp-content\/uploads\/2021\/05\/ru_11.pdf\" target=\"_blank\" rel=\"noopener\"><img decoding=\"async\" loading=\"lazy\" class=\"aligncenter wp-image-4933 size-full\" src=\"https:\/\/www.bib.ibero.mx\/site\/wp-content\/uploads\/2021\/05\/11_cuaderno11.jpg\" alt=\"\" width=\"137\" height=\"200\" \/><\/a><span style=\"color: #000000;\">Los j\u00f3venes entre la marginaci\u00f3n y la lucha por la identidad<\/span> <br \/>G.Milanesi<\/p>\t\t\t\t\t<\/div>\n\t\t\t\t\t\t<\/div>\n\t\t\t\t<\/div>\n\t\t\t\t\t\t<\/div>\n\t\t\t\t\t<\/div>\n\t\t<\/div>\n\t\t\t\t<div class=\"elementor-column elementor-col-33 elementor-top-column elementor-element elementor-element-bcda316\" data-id=\"bcda316\" data-element_type=\"column\">\n\t\t\t<div class=\"elementor-column-wrap elementor-element-populated\">\n\t\t\t\t\t\t\t<div class=\"elementor-widget-wrap\">\n\t\t\t\t\t\t<div class=\"elementor-element elementor-element-d47483d elementor-widget elementor-widget-text-editor\" data-id=\"d47483d\" data-element_type=\"widget\" data-widget_type=\"text-editor.default\">\n\t\t\t\t<div class=\"elementor-widget-container\">\n\t\t\t\t\t\t\t\t<div class=\"elementor-text-editor elementor-clearfix\">\n\t\t\t\t<p><a href=\"https:\/\/www.bib.ibero.mx\/site\/wp-content\/uploads\/2021\/05\/ru_12.pdf\" target=\"_blank\" rel=\"noopener\"><img decoding=\"async\" loading=\"lazy\" class=\"aligncenter wp-image-4934 size-full\" src=\"https:\/\/www.bib.ibero.mx\/site\/wp-content\/uploads\/2021\/05\/12_cuaderno12.jpg\" alt=\"\" width=\"129\" height=\"200\" \/><\/a><\/p><p><span style=\"color: #000000;\">Universidad cat\u00f3lica y visi\u00f3n evang\u00e9lica<\/span> <br \/>William J. Sullivan, S.J.<\/p>\t\t\t\t\t<\/div>\n\t\t\t\t\t\t<\/div>\n\t\t\t\t<\/div>\n\t\t\t\t\t\t<\/div>\n\t\t\t\t\t<\/div>\n\t\t<\/div>\n\t\t\t\t\t\t\t\t<\/div>\n\t\t\t\t\t<\/div>\n\t\t<\/section>\n\t\t\t\t<section class=\"elementor-section elementor-top-section elementor-element elementor-element-9366c10 elementor-section-boxed elementor-section-height-default elementor-section-height-default\" data-id=\"9366c10\" data-element_type=\"section\">\n\t\t\t\t\t\t<div class=\"elementor-container elementor-column-gap-default\">\n\t\t\t\t\t\t\t<div class=\"elementor-row\">\n\t\t\t\t\t<div class=\"elementor-column elementor-col-33 elementor-top-column elementor-element elementor-element-9c3da9b\" data-id=\"9c3da9b\" data-element_type=\"column\">\n\t\t\t<div class=\"elementor-column-wrap elementor-element-populated\">\n\t\t\t\t\t\t\t<div class=\"elementor-widget-wrap\">\n\t\t\t\t\t\t<div class=\"elementor-element elementor-element-981483f elementor-widget elementor-widget-text-editor\" data-id=\"981483f\" data-element_type=\"widget\" data-widget_type=\"text-editor.default\">\n\t\t\t\t<div class=\"elementor-widget-container\">\n\t\t\t\t\t\t\t\t<div class=\"elementor-text-editor elementor-clearfix\">\n\t\t\t\t<p><a href=\"https:\/\/www.bib.ibero.mx\/site\/wp-content\/uploads\/2021\/05\/ru_13.pdf\" target=\"_blank\" rel=\"noopener\"><img decoding=\"async\" loading=\"lazy\" class=\"aligncenter wp-image-4935 size-full\" src=\"https:\/\/www.bib.ibero.mx\/site\/wp-content\/uploads\/2021\/05\/13_cuaderno13.jpg\" alt=\"\" width=\"131\" height=\"200\" \/><\/a><\/p><p><span style=\"color: #000000;\">El destierro de los jesuitas mexicanos y la formaci\u00f3n de la conciencia de nacionalidad<\/span> <br \/>Dr. Manuel Ignacio P\u00e9rez Alonso, S.J.<\/p>\t\t\t\t\t<\/div>\n\t\t\t\t\t\t<\/div>\n\t\t\t\t<\/div>\n\t\t\t\t\t\t<\/div>\n\t\t\t\t\t<\/div>\n\t\t<\/div>\n\t\t\t\t<div class=\"elementor-column elementor-col-33 elementor-top-column elementor-element elementor-element-aed94f4\" data-id=\"aed94f4\" data-element_type=\"column\">\n\t\t\t<div class=\"elementor-column-wrap elementor-element-populated\">\n\t\t\t\t\t\t\t<div class=\"elementor-widget-wrap\">\n\t\t\t\t\t\t<div class=\"elementor-element elementor-element-6f00e69 elementor-widget elementor-widget-text-editor\" data-id=\"6f00e69\" data-element_type=\"widget\" data-widget_type=\"text-editor.default\">\n\t\t\t\t<div class=\"elementor-widget-container\">\n\t\t\t\t\t\t\t\t<div class=\"elementor-text-editor elementor-clearfix\">\n\t\t\t\t<p><a href=\"https:\/\/www.bib.ibero.mx\/site\/wp-content\/uploads\/2021\/05\/ru_14.pdf\" target=\"_blank\" rel=\"noopener\"><img decoding=\"async\" loading=\"lazy\" class=\"aligncenter wp-image-4936 size-full\" src=\"https:\/\/www.bib.ibero.mx\/site\/wp-content\/uploads\/2021\/05\/14_cuaderno14.jpg\" alt=\"\" width=\"130\" height=\"200\" \/><\/a><\/p><p><span style=\"color: #000000;\">C\u00f3mo hacer operativa la formaci\u00f3n humanista en la universidad<\/span> <br \/>Dr. Juan E. Bazdresch Parada, S.J.<\/p>\t\t\t\t\t<\/div>\n\t\t\t\t\t\t<\/div>\n\t\t\t\t<\/div>\n\t\t\t\t\t\t<\/div>\n\t\t\t\t\t<\/div>\n\t\t<\/div>\n\t\t\t\t<div class=\"elementor-column elementor-col-33 elementor-top-column elementor-element elementor-element-dbae55d\" data-id=\"dbae55d\" data-element_type=\"column\">\n\t\t\t<div class=\"elementor-column-wrap elementor-element-populated\">\n\t\t\t\t\t\t\t<div class=\"elementor-widget-wrap\">\n\t\t\t\t\t\t<div class=\"elementor-element elementor-element-bcbaae9 elementor-widget elementor-widget-text-editor\" data-id=\"bcbaae9\" data-element_type=\"widget\" data-widget_type=\"text-editor.default\">\n\t\t\t\t<div class=\"elementor-widget-container\">\n\t\t\t\t\t\t\t\t<div class=\"elementor-text-editor elementor-clearfix\">\n\t\t\t\t<p><a href=\"https:\/\/www.bib.ibero.mx\/site\/wp-content\/uploads\/2021\/05\/ru_15.pdf\" target=\"_blank\" rel=\"noopener\"><img decoding=\"async\" loading=\"lazy\" class=\"aligncenter wp-image-4937 size-full\" src=\"https:\/\/www.bib.ibero.mx\/site\/wp-content\/uploads\/2021\/05\/15_cuaderno15.jpg\" alt=\"\" width=\"129\" height=\"200\" \/><\/a><\/p><p><span style=\"color: #000000;\">Por qu\u00e9 y c\u00f3mo un area de Integraci\u00f3n en el curr\u00edculo universitario<\/span> <br \/>Dr. Juan E. Bazdresch Parada, S.J.<\/p>\t\t\t\t\t<\/div>\n\t\t\t\t\t\t<\/div>\n\t\t\t\t<\/div>\n\t\t\t\t\t\t<\/div>\n\t\t\t\t\t<\/div>\n\t\t<\/div>\n\t\t\t\t\t\t\t\t<\/div>\n\t\t\t\t\t<\/div>\n\t\t<\/section>\n\t\t\t\t<section class=\"elementor-section elementor-top-section elementor-element elementor-element-f609e84 elementor-section-boxed elementor-section-height-default elementor-section-height-default\" data-id=\"f609e84\" data-element_type=\"section\">\n\t\t\t\t\t\t<div class=\"elementor-container elementor-column-gap-default\">\n\t\t\t\t\t\t\t<div class=\"elementor-row\">\n\t\t\t\t\t<div class=\"elementor-column elementor-col-33 elementor-top-column elementor-element elementor-element-fc72096\" data-id=\"fc72096\" data-element_type=\"column\">\n\t\t\t<div class=\"elementor-column-wrap elementor-element-populated\">\n\t\t\t\t\t\t\t<div class=\"elementor-widget-wrap\">\n\t\t\t\t\t\t<div class=\"elementor-element elementor-element-96df4db elementor-widget elementor-widget-text-editor\" data-id=\"96df4db\" data-element_type=\"widget\" data-widget_type=\"text-editor.default\">\n\t\t\t\t<div class=\"elementor-widget-container\">\n\t\t\t\t\t\t\t\t<div class=\"elementor-text-editor elementor-clearfix\">\n\t\t\t\t<p><a href=\"https:\/\/www.bib.ibero.mx\/site\/wp-content\/uploads\/2021\/05\/ru_16.pdf\" target=\"_blank\" rel=\"noopener\"><img decoding=\"async\" loading=\"lazy\" class=\"aligncenter wp-image-4938 size-full\" src=\"https:\/\/www.bib.ibero.mx\/site\/wp-content\/uploads\/2021\/05\/16_cuaderno16.jpg\" alt=\"\" width=\"130\" height=\"200\" \/><\/a><\/p><p><span style=\"color: #000000;\">P. Jaime Castiello Fern\u00e1ndez del Valle. 28 de diciembre de 1987: 50 a\u00f1os de su tr\u00e1gico fallecimiento<\/span><br \/>Mtro. Manuel Aceves Araiza, S.J.<\/p>\t\t\t\t\t<\/div>\n\t\t\t\t\t\t<\/div>\n\t\t\t\t<\/div>\n\t\t\t\t\t\t<\/div>\n\t\t\t\t\t<\/div>\n\t\t<\/div>\n\t\t\t\t<div class=\"elementor-column elementor-col-33 elementor-top-column elementor-element elementor-element-bda78f6\" data-id=\"bda78f6\" data-element_type=\"column\">\n\t\t\t<div class=\"elementor-column-wrap elementor-element-populated\">\n\t\t\t\t\t\t\t<div class=\"elementor-widget-wrap\">\n\t\t\t\t\t\t<div class=\"elementor-element elementor-element-ee3379b elementor-widget elementor-widget-text-editor\" data-id=\"ee3379b\" data-element_type=\"widget\" data-widget_type=\"text-editor.default\">\n\t\t\t\t<div class=\"elementor-widget-container\">\n\t\t\t\t\t\t\t\t<div class=\"elementor-text-editor elementor-clearfix\">\n\t\t\t\t<p><a href=\"https:\/\/www.bib.ibero.mx\/site\/wp-content\/uploads\/2021\/05\/ru_17.pdf\" target=\"_blank\" rel=\"noopener\"><img decoding=\"async\" loading=\"lazy\" class=\"aligncenter wp-image-4940 size-full\" src=\"https:\/\/www.bib.ibero.mx\/site\/wp-content\/uploads\/2021\/05\/17_cuaderno17.jpg\" alt=\"\" width=\"133\" height=\"200\" \/><\/a><\/p><p><span style=\"color: #000000;\">Qu\u00e9 tiene que decir la universidad de inspiraci\u00f3n cristiana a la sociedad emergente<\/span> <br \/>Dr. Jes\u00fas Vergara Aceves, S.J.<\/p>\t\t\t\t\t<\/div>\n\t\t\t\t\t\t<\/div>\n\t\t\t\t<\/div>\n\t\t\t\t\t\t<\/div>\n\t\t\t\t\t<\/div>\n\t\t<\/div>\n\t\t\t\t<div class=\"elementor-column elementor-col-33 elementor-top-column elementor-element elementor-element-ebe2675\" data-id=\"ebe2675\" data-element_type=\"column\">\n\t\t\t<div class=\"elementor-column-wrap elementor-element-populated\">\n\t\t\t\t\t\t\t<div class=\"elementor-widget-wrap\">\n\t\t\t\t\t\t<div class=\"elementor-element elementor-element-39f7d68 elementor-widget elementor-widget-text-editor\" data-id=\"39f7d68\" data-element_type=\"widget\" data-widget_type=\"text-editor.default\">\n\t\t\t\t<div class=\"elementor-widget-container\">\n\t\t\t\t\t\t\t\t<div class=\"elementor-text-editor elementor-clearfix\">\n\t\t\t\t<p><a href=\"https:\/\/www.bib.ibero.mx\/site\/wp-content\/uploads\/2021\/05\/ru_18.pdf\" target=\"_blank\" rel=\"noopener\"><img decoding=\"async\" loading=\"lazy\" class=\"aligncenter wp-image-4941 size-full\" src=\"https:\/\/www.bib.ibero.mx\/site\/wp-content\/uploads\/2021\/05\/18_cuaderno18.jpg\" alt=\"\" width=\"129\" height=\"200\" \/><\/a><\/p><p><span style=\"color: #000000;\">La traditio educandi de la Compa\u00f1\u00eda de Jes\u00fas en M\u00e9xico<\/span> <br \/>Mtro. Xavier Cacho V\u00e1zquez, S.J.<\/p>\t\t\t\t\t<\/div>\n\t\t\t\t\t\t<\/div>\n\t\t\t\t<\/div>\n\t\t\t\t\t\t<\/div>\n\t\t\t\t\t<\/div>\n\t\t<\/div>\n\t\t\t\t\t\t\t\t<\/div>\n\t\t\t\t\t<\/div>\n\t\t<\/section>\n\t\t\t\t<section class=\"elementor-section elementor-top-section elementor-element elementor-element-1a84559 elementor-section-boxed elementor-section-height-default elementor-section-height-default\" data-id=\"1a84559\" data-element_type=\"section\">\n\t\t\t\t\t\t<div class=\"elementor-container elementor-column-gap-default\">\n\t\t\t\t\t\t\t<div class=\"elementor-row\">\n\t\t\t\t\t<div class=\"elementor-column elementor-col-33 elementor-top-column elementor-element elementor-element-15587e6\" data-id=\"15587e6\" data-element_type=\"column\">\n\t\t\t<div class=\"elementor-column-wrap elementor-element-populated\">\n\t\t\t\t\t\t\t<div class=\"elementor-widget-wrap\">\n\t\t\t\t\t\t<div class=\"elementor-element elementor-element-7fbcf89 elementor-widget elementor-widget-text-editor\" data-id=\"7fbcf89\" data-element_type=\"widget\" data-widget_type=\"text-editor.default\">\n\t\t\t\t<div class=\"elementor-widget-container\">\n\t\t\t\t\t\t\t\t<div class=\"elementor-text-editor elementor-clearfix\">\n\t\t\t\t<p><a href=\"https:\/\/www.bib.ibero.mx\/site\/wp-content\/uploads\/2021\/05\/ru_19.pdf\" target=\"_blank\" rel=\"noopener\"><img decoding=\"async\" loading=\"lazy\" class=\"aligncenter wp-image-4942 size-full\" src=\"https:\/\/www.bib.ibero.mx\/site\/wp-content\/uploads\/2021\/05\/19_cuaderno19.jpg\" alt=\"\" width=\"130\" height=\"200\" \/><\/a><\/p><p><span style=\"color: #000000;\">Reflexiones acerca de la evangelizaci\u00f3n de las culturas<\/span> <br \/>P. Jos\u00e9 G\u00f3mez Caffarena, S.J.<\/p>\t\t\t\t\t<\/div>\n\t\t\t\t\t\t<\/div>\n\t\t\t\t<\/div>\n\t\t\t\t\t\t<\/div>\n\t\t\t\t\t<\/div>\n\t\t<\/div>\n\t\t\t\t<div class=\"elementor-column elementor-col-33 elementor-top-column elementor-element elementor-element-9572d93\" data-id=\"9572d93\" data-element_type=\"column\">\n\t\t\t<div class=\"elementor-column-wrap elementor-element-populated\">\n\t\t\t\t\t\t\t<div class=\"elementor-widget-wrap\">\n\t\t\t\t\t\t<div class=\"elementor-element elementor-element-47d8d4f elementor-widget elementor-widget-text-editor\" data-id=\"47d8d4f\" data-element_type=\"widget\" data-widget_type=\"text-editor.default\">\n\t\t\t\t<div class=\"elementor-widget-container\">\n\t\t\t\t\t\t\t\t<div class=\"elementor-text-editor elementor-clearfix\">\n\t\t\t\t<p><a href=\"https:\/\/www.bib.ibero.mx\/site\/wp-content\/uploads\/2021\/05\/ru_20.pdf\" target=\"_blank\" rel=\"noopener\"><img decoding=\"async\" loading=\"lazy\" class=\"aligncenter wp-image-4943 size-full\" src=\"https:\/\/www.bib.ibero.mx\/site\/wp-content\/uploads\/2021\/05\/20_cuaderno20.jpg\" alt=\"\" width=\"132\" height=\"200\" \/><\/a><\/p><p><span style=\"color: #000000;\">La universidad y la dimensi\u00f3n pol\u00edtica de la integraci\u00f3n del continente americano<\/span> <br \/>Dr. Oscar Arias<\/p>\t\t\t\t\t<\/div>\n\t\t\t\t\t\t<\/div>\n\t\t\t\t<\/div>\n\t\t\t\t\t\t<\/div>\n\t\t\t\t\t<\/div>\n\t\t<\/div>\n\t\t\t\t<div class=\"elementor-column elementor-col-33 elementor-top-column elementor-element elementor-element-72eabfe\" data-id=\"72eabfe\" data-element_type=\"column\">\n\t\t\t<div class=\"elementor-column-wrap elementor-element-populated\">\n\t\t\t\t\t\t\t<div class=\"elementor-widget-wrap\">\n\t\t\t\t\t\t<div class=\"elementor-element elementor-element-bc58550 elementor-widget elementor-widget-text-editor\" data-id=\"bc58550\" data-element_type=\"widget\" data-widget_type=\"text-editor.default\">\n\t\t\t\t<div class=\"elementor-widget-container\">\n\t\t\t\t\t\t\t\t<div class=\"elementor-text-editor elementor-clearfix\">\n\t\t\t\t<p><a href=\"https:\/\/www.bib.ibero.mx\/site\/wp-content\/uploads\/2021\/05\/ru_21.pdf\" target=\"_blank\" rel=\"noopener\"><img decoding=\"async\" loading=\"lazy\" class=\"aligncenter wp-image-4944 size-full\" src=\"https:\/\/www.bib.ibero.mx\/site\/wp-content\/uploads\/2021\/05\/21_cuaderno21.jpg\" alt=\"\" width=\"127\" height=\"200\" \/><\/a><\/p><p><span style=\"color: #000000;\">Educar en los valores: una reflexi\u00f3n en torno a la formaci\u00f3n de arquitectos<\/span> <br \/>Arg. Jorge Ballina G.<\/p>\t\t\t\t\t<\/div>\n\t\t\t\t\t\t<\/div>\n\t\t\t\t<\/div>\n\t\t\t\t\t\t<\/div>\n\t\t\t\t\t<\/div>\n\t\t<\/div>\n\t\t\t\t\t\t\t\t<\/div>\n\t\t\t\t\t<\/div>\n\t\t<\/section>\n\t\t\t\t<section class=\"elementor-section elementor-top-section elementor-element elementor-element-89608ae elementor-section-boxed elementor-section-height-default elementor-section-height-default\" data-id=\"89608ae\" data-element_type=\"section\">\n\t\t\t\t\t\t<div class=\"elementor-container elementor-column-gap-default\">\n\t\t\t\t\t\t\t<div class=\"elementor-row\">\n\t\t\t\t\t<div class=\"elementor-column elementor-col-33 elementor-top-column elementor-element elementor-element-9d6a535\" data-id=\"9d6a535\" data-element_type=\"column\">\n\t\t\t<div class=\"elementor-column-wrap elementor-element-populated\">\n\t\t\t\t\t\t\t<div class=\"elementor-widget-wrap\">\n\t\t\t\t\t\t<div class=\"elementor-element elementor-element-c52e2cd elementor-widget elementor-widget-text-editor\" data-id=\"c52e2cd\" data-element_type=\"widget\" data-widget_type=\"text-editor.default\">\n\t\t\t\t<div class=\"elementor-widget-container\">\n\t\t\t\t\t\t\t\t<div class=\"elementor-text-editor elementor-clearfix\">\n\t\t\t\t<p><a href=\"https:\/\/www.bib.ibero.mx\/site\/wp-content\/uploads\/2021\/05\/ru_22.pdf\" target=\"_blank\" rel=\"noopener\"><img decoding=\"async\" loading=\"lazy\" class=\"aligncenter wp-image-4945 size-full\" src=\"https:\/\/www.bib.ibero.mx\/site\/wp-content\/uploads\/2021\/05\/22_cuaderno22.jpg\" alt=\"\" width=\"132\" height=\"200\" \/><\/a><\/p><p><span style=\"color: #000000;\">La Ratio Studorium de la Compa\u00f1\u00eda de Jes\u00fas y los valores<\/span> <br \/>Mtro. Xavier Cacho V\u00e1zquez, S.J.<\/p>\t\t\t\t\t<\/div>\n\t\t\t\t\t\t<\/div>\n\t\t\t\t<\/div>\n\t\t\t\t\t\t<\/div>\n\t\t\t\t\t<\/div>\n\t\t<\/div>\n\t\t\t\t<div class=\"elementor-column elementor-col-33 elementor-top-column elementor-element elementor-element-7e889cd\" data-id=\"7e889cd\" data-element_type=\"column\">\n\t\t\t<div class=\"elementor-column-wrap elementor-element-populated\">\n\t\t\t\t\t\t\t<div class=\"elementor-widget-wrap\">\n\t\t\t\t\t\t<div class=\"elementor-element elementor-element-3765d11 elementor-widget elementor-widget-text-editor\" data-id=\"3765d11\" data-element_type=\"widget\" data-widget_type=\"text-editor.default\">\n\t\t\t\t<div class=\"elementor-widget-container\">\n\t\t\t\t\t\t\t\t<div class=\"elementor-text-editor elementor-clearfix\">\n\t\t\t\t<p><a href=\"https:\/\/www.bib.ibero.mx\/site\/wp-content\/uploads\/2021\/05\/ru_23.pdf\" target=\"_blank\" rel=\"noopener\"><img decoding=\"async\" loading=\"lazy\" class=\"aligncenter wp-image-4946 size-full\" src=\"https:\/\/www.bib.ibero.mx\/site\/wp-content\/uploads\/2021\/05\/23_cuaderno23.jpg\" alt=\"\" width=\"126\" height=\"200\" \/><\/a><\/p><p><span style=\"color: #000000;\">El futuro de nuestra ilusi\u00f3n \/ P. Luis M. Narro, S.J.<\/span><br \/>Los valores y el curr\u00edculo actual \/ P. Carlos Escand\u00f3n, S.J.<\/p>\t\t\t\t\t<\/div>\n\t\t\t\t\t\t<\/div>\n\t\t\t\t<\/div>\n\t\t\t\t\t\t<\/div>\n\t\t\t\t\t<\/div>\n\t\t<\/div>\n\t\t\t\t<div class=\"elementor-column elementor-col-33 elementor-top-column elementor-element elementor-element-d0326e6\" data-id=\"d0326e6\" data-element_type=\"column\">\n\t\t\t<div class=\"elementor-column-wrap elementor-element-populated\">\n\t\t\t\t\t\t\t<div class=\"elementor-widget-wrap\">\n\t\t\t\t\t\t<div class=\"elementor-element elementor-element-aafa72b elementor-widget elementor-widget-text-editor\" data-id=\"aafa72b\" data-element_type=\"widget\" data-widget_type=\"text-editor.default\">\n\t\t\t\t<div class=\"elementor-widget-container\">\n\t\t\t\t\t\t\t\t<div class=\"elementor-text-editor elementor-clearfix\">\n\t\t\t\t<p><a href=\"https:\/\/www.bib.ibero.mx\/site\/wp-content\/uploads\/2021\/05\/ru_24.pdf\" target=\"_blank\" rel=\"noopener\"><img decoding=\"async\" loading=\"lazy\" class=\"aligncenter wp-image-4948 size-full\" src=\"https:\/\/www.bib.ibero.mx\/site\/wp-content\/uploads\/2021\/05\/24_cuaderno24.jpg\" alt=\"\" width=\"128\" height=\"200\" \/><\/a><\/p><p><span style=\"color: #000000;\">Universidad y justicia social<\/span> <br \/>Lic. Jos\u00e9 Rafael de Regil V\u00e9lez (compilador)<\/p>\t\t\t\t\t<\/div>\n\t\t\t\t\t\t<\/div>\n\t\t\t\t<\/div>\n\t\t\t\t\t\t<\/div>\n\t\t\t\t\t<\/div>\n\t\t<\/div>\n\t\t\t\t\t\t\t\t<\/div>\n\t\t\t\t\t<\/div>\n\t\t<\/section>\n\t\t\t\t<section class=\"elementor-section elementor-top-section elementor-element elementor-element-487a67a elementor-section-boxed elementor-section-height-default elementor-section-height-default\" data-id=\"487a67a\" data-element_type=\"section\">\n\t\t\t\t\t\t<div class=\"elementor-container elementor-column-gap-default\">\n\t\t\t\t\t\t\t<div class=\"elementor-row\">\n\t\t\t\t\t<div class=\"elementor-column elementor-col-33 elementor-top-column elementor-element elementor-element-f7a5c62\" data-id=\"f7a5c62\" data-element_type=\"column\">\n\t\t\t<div class=\"elementor-column-wrap elementor-element-populated\">\n\t\t\t\t\t\t\t<div class=\"elementor-widget-wrap\">\n\t\t\t\t\t\t<div class=\"elementor-element elementor-element-5d53cb5 elementor-widget elementor-widget-text-editor\" data-id=\"5d53cb5\" data-element_type=\"widget\" data-widget_type=\"text-editor.default\">\n\t\t\t\t<div class=\"elementor-widget-container\">\n\t\t\t\t\t\t\t\t<div class=\"elementor-text-editor elementor-clearfix\">\n\t\t\t\t<p><a href=\"https:\/\/www.bib.ibero.mx\/site\/wp-content\/uploads\/2021\/05\/ru_25.pdf\" target=\"_blank\" rel=\"noopener\"><img decoding=\"async\" loading=\"lazy\" class=\"aligncenter wp-image-4949 size-full\" src=\"https:\/\/www.bib.ibero.mx\/site\/wp-content\/uploads\/2021\/05\/25_cuaderno25.jpg\" alt=\"\" width=\"126\" height=\"200\" \/><\/a><\/p><p><span style=\"color: #000000;\">La teolog\u00eda en la universidad<\/span> <br \/>P. Gerardo Arango Puerta, S.J.<\/p>\t\t\t\t\t<\/div>\n\t\t\t\t\t\t<\/div>\n\t\t\t\t<\/div>\n\t\t\t\t\t\t<\/div>\n\t\t\t\t\t<\/div>\n\t\t<\/div>\n\t\t\t\t<div class=\"elementor-column elementor-col-33 elementor-top-column elementor-element elementor-element-c7aebaf\" data-id=\"c7aebaf\" data-element_type=\"column\">\n\t\t\t<div class=\"elementor-column-wrap elementor-element-populated\">\n\t\t\t\t\t\t\t<div class=\"elementor-widget-wrap\">\n\t\t\t\t\t\t<div class=\"elementor-element elementor-element-de155a4 elementor-widget elementor-widget-text-editor\" data-id=\"de155a4\" data-element_type=\"widget\" data-widget_type=\"text-editor.default\">\n\t\t\t\t<div class=\"elementor-widget-container\">\n\t\t\t\t\t\t\t\t<div class=\"elementor-text-editor elementor-clearfix\">\n\t\t\t\t<p><a href=\"https:\/\/www.bib.ibero.mx\/site\/wp-content\/uploads\/2021\/05\/ru_26.pdf\" target=\"_blank\" rel=\"noopener\"><img decoding=\"async\" loading=\"lazy\" class=\"aligncenter wp-image-4950 size-full\" src=\"https:\/\/www.bib.ibero.mx\/site\/wp-content\/uploads\/2021\/05\/26_cuaderno26.jpg\" alt=\"\" width=\"126\" height=\"200\" \/><\/a><\/p><p><span style=\"color: #000000;\">La universidad: preparando el siglo XXI<\/span><br \/>P. Xavier Gorostiaga, S.J.<\/p>\t\t\t\t\t<\/div>\n\t\t\t\t\t\t<\/div>\n\t\t\t\t<\/div>\n\t\t\t\t\t\t<\/div>\n\t\t\t\t\t<\/div>\n\t\t<\/div>\n\t\t\t\t<div class=\"elementor-column elementor-col-33 elementor-top-column elementor-element elementor-element-56a22ec\" data-id=\"56a22ec\" data-element_type=\"column\">\n\t\t\t<div class=\"elementor-column-wrap elementor-element-populated\">\n\t\t\t\t\t\t\t<div class=\"elementor-widget-wrap\">\n\t\t\t\t\t\t<div class=\"elementor-element elementor-element-77fd6be elementor-widget elementor-widget-text-editor\" data-id=\"77fd6be\" data-element_type=\"widget\" data-widget_type=\"text-editor.default\">\n\t\t\t\t<div class=\"elementor-widget-container\">\n\t\t\t\t\t\t\t\t<div class=\"elementor-text-editor elementor-clearfix\">\n\t\t\t\t<p><a href=\"https:\/\/www.bib.ibero.mx\/site\/wp-content\/uploads\/2021\/05\/ru_27.pdf\" target=\"_blank\" rel=\"noopener\"><img decoding=\"async\" loading=\"lazy\" class=\"aligncenter wp-image-4951 size-full\" src=\"https:\/\/www.bib.ibero.mx\/site\/wp-content\/uploads\/2021\/05\/27_cuaderno27.jpg\" alt=\"\" width=\"129\" height=\"200\" \/><\/a><\/p><p><span style=\"color: #000000;\">Criticidad y formaci\u00f3n universitaria<\/span><br \/>Mtro. Xavier Cacho V\u00e1zquez, S.J.<\/p>\t\t\t\t\t<\/div>\n\t\t\t\t\t\t<\/div>\n\t\t\t\t<\/div>\n\t\t\t\t\t\t<\/div>\n\t\t\t\t\t<\/div>\n\t\t<\/div>\n\t\t\t\t\t\t\t\t<\/div>\n\t\t\t\t\t<\/div>\n\t\t<\/section>\n\t\t\t\t<section class=\"elementor-section elementor-top-section elementor-element elementor-element-2208f11 elementor-section-boxed elementor-section-height-default elementor-section-height-default\" data-id=\"2208f11\" data-element_type=\"section\">\n\t\t\t\t\t\t<div class=\"elementor-container elementor-column-gap-default\">\n\t\t\t\t\t\t\t<div class=\"elementor-row\">\n\t\t\t\t\t<div class=\"elementor-column elementor-col-33 elementor-top-column elementor-element elementor-element-45a3c22\" data-id=\"45a3c22\" data-element_type=\"column\">\n\t\t\t<div class=\"elementor-column-wrap elementor-element-populated\">\n\t\t\t\t\t\t\t<div class=\"elementor-widget-wrap\">\n\t\t\t\t\t\t<div class=\"elementor-element elementor-element-8bbf795 elementor-widget elementor-widget-text-editor\" data-id=\"8bbf795\" data-element_type=\"widget\" data-widget_type=\"text-editor.default\">\n\t\t\t\t<div class=\"elementor-widget-container\">\n\t\t\t\t\t\t\t\t<div class=\"elementor-text-editor elementor-clearfix\">\n\t\t\t\t<p><a href=\"https:\/\/www.bib.ibero.mx\/site\/wp-content\/uploads\/2021\/05\/ru_28.pdf\" target=\"_blank\" rel=\"noopener\"><img decoding=\"async\" loading=\"lazy\" class=\"aligncenter wp-image-4952 size-full\" src=\"https:\/\/www.bib.ibero.mx\/site\/wp-content\/uploads\/2021\/05\/28_cuaderno28.jpg\" alt=\"\" width=\"128\" height=\"200\" \/><\/a><\/p><p><span style=\"color: #000000;\">Iglesia y Universidad en Am\u00e9rica Latina: orientaciones de la Iglesia y de la Compa\u00f1\u00eda para la pastoral universitaria de AUSJAL<\/span> <br \/>P. Valent\u00edn Men\u00e9ndez, S.J.<\/p>\t\t\t\t\t<\/div>\n\t\t\t\t\t\t<\/div>\n\t\t\t\t<\/div>\n\t\t\t\t\t\t<\/div>\n\t\t\t\t\t<\/div>\n\t\t<\/div>\n\t\t\t\t<div class=\"elementor-column elementor-col-33 elementor-top-column elementor-element elementor-element-6a9eb6b\" data-id=\"6a9eb6b\" data-element_type=\"column\">\n\t\t\t<div class=\"elementor-column-wrap\">\n\t\t\t\t\t\t\t<div class=\"elementor-widget-wrap\">\n\t\t\t\t\t\t\t\t<\/div>\n\t\t\t\t\t<\/div>\n\t\t<\/div>\n\t\t\t\t<div class=\"elementor-column elementor-col-33 elementor-top-column elementor-element elementor-element-9338616\" data-id=\"9338616\" data-element_type=\"column\">\n\t\t\t<div class=\"elementor-column-wrap\">\n\t\t\t\t\t\t\t<div class=\"elementor-widget-wrap\">\n\t\t\t\t\t\t\t\t<\/div>\n\t\t\t\t\t<\/div>\n\t\t<\/div>\n\t\t\t\t\t\t\t\t<\/div>\n\t\t\t\t\t<\/div>\n\t\t<\/section>\n\t\t\t\t\t\t\t\t\t<\/div>\n\t\t\t<\/div>\n\t\t\t\t\t<\/div>\n\t\t","protected":false},"excerpt":{"rendered":"<p>Universidad y libertad de concienciaLic. Efra\u00edn Gonz\u00e1lez Morfin Orientaciones de la iglesia y de la Compa\u00f1\u00eda de Jes\u00fas acerca de la educaci\u00f3nMtro. Manuel Aceves Araiza, S.J. C\u00f3mo entender aqu\u00ed y ahora la universidad de inspiraci\u00f3n cristiana Dr. Jes\u00fas Vergara Aceves,<\/p>\n","protected":false},"author":2,"featured_media":0,"parent":0,"menu_order":0,"comment_status":"closed","ping_status":"closed","template":"","meta":[],"_links":{"self":[{"href":"https:\/\/www.bib.ibero.mx\/site\/index.php\/wp-json\/wp\/v2\/pages\/4908"}],"collection":[{"href":"https:\/\/www.bib.ibero.mx\/site\/index.php\/wp-json\/wp\/v2\/pages"}],"about":[{"href":"https:\/\/www.bib.ibero.mx\/site\/index.php\/wp-json\/wp\/v2\/types\/page"}],"author":[{"embeddable":true,"href":"https:\/\/www.bib.ibero.mx\/site\/index.php\/wp-json\/wp\/v2\/users\/2"}],"replies":[{"embeddable":true,"href":"https:\/\/www.bib.ibero.mx\/site\/index.php\/wp-json\/wp\/v2\/comments?post=4908"}],"version-history":[{"count":85,"href":"https:\/\/www.bib.ibero.mx\/site\/index.php\/wp-json\/wp\/v2\/pages\/4908\/revisions"}],"predecessor-version":[{"id":5059,"href":"https:\/\/www.bib.ibero.mx\/site\/index.php\/wp-json\/wp\/v2\/pages\/4908\/revisions\/5059"}],"wp:attachment":[{"href":"https:\/\/www.bib.ibero.mx\/site\/index.php\/wp-json\/wp\/v2\/media?parent=4908"}],"curies":[{"name":"wp","href":"https:\/\/api.w.org\/{rel}","templated":true}]}}