{"id":17531,"date":"2025-05-01T18:24:41","date_gmt":"2025-05-02T00:24:41","guid":{"rendered":"https:\/\/www.bib.ibero.mx\/site\/?page_id=17531"},"modified":"2025-07-10T07:09:54","modified_gmt":"2025-07-10T13:09:54","slug":"actas-del-cabildo","status":"publish","type":"page","link":"https:\/\/www.bib.ibero.mx\/site\/index.php\/actas-del-cabildo\/","title":{"rendered":"Actas del Cabildo"},"content":{"rendered":"<h4 style=\"text-align: right;\"><strong>Gu\u00eda de las actas del Cabildo de la Ciudad de M\u00e9xico, siglos XVII-XX<\/strong><\/h4>\n<p><a href=\"https:\/\/www.bib.ibero.mx\/actasc\/\" target=\"_blank\" rel=\"noopener\"><br \/>\nIR A ACTAS<br \/>\n<\/a><\/p>\n<p style=\"text-align: right;\">En memoria de Ernesto Dom\u00ednguez Quiroga, S.J.<br \/>\nEdmundo O\u2019Gorman O\u2019Gorman<br \/>\nGuadalupe P\u00e9rez Sanvicente<br \/>\nGuillermo Tovar de Teresa<\/p>\n<p style=\"text-align: justify;\">Las actas del cabildo de la ciudad de M\u00e9xico son los documentos en que semana a semana se registraron las decisiones referentes al gobierno y a la administraci\u00f3n de nuestra capital. Podemos considerar estos documentos como la clave de acceso al archivo m\u00e1s importante de una ciudad en Am\u00e9rica. No obstante que este acervo ha sufrido algunas p\u00e9rdidas, contiene las actas del cabildo desde 1524 hasta 1928, fecha en que se suprimi\u00f3 el Ayuntamiento para dar lugar al Departamento del Distrito Federal. Contiene invaluable informaci\u00f3n sobre los procesos urbanos de car\u00e1cter pol\u00edtico, econ\u00f3mico, social y cultural, as\u00ed como de los grandes problemas nacionales.<\/p>\n<p style=\"text-align: justify;\">La Gu\u00eda de las Actas del Cabildo de la Ciudad de M\u00e9xico es un instrumento de apoyo para los investigadores interesados en la historia de M\u00e9xico en general y de la ciudad en particular. Una primera iniciativa tuvo su origen en los a\u00f1os setenta del siglo XX, cuando Salvador Novo, cronista de la Ciudad, y el regente del Distrito Federal, Alfonso Corona del Rosal, invitaron al historiador Edmundo O\u2019Gorman a hacerse cargo del proyecto. Bajo su direcci\u00f3n, los alumnos del Seminario de Historiograf\u00eda Mexicana de la Facultad de Filosof\u00eda y Letras de la UNAM realizaron la Gu\u00eda de las Actas del Cabildo de la ciudad de M\u00e9xico siglo XVI, publicada por el Fondo de Cultura Econ\u00f3mica<strong><sup>1<\/sup><\/strong>.<\/p>\n<p style=\"text-align: justify;\">A finales de la d\u00e9cada, O\u2019Gorman, que impart\u00eda en la Universidad Iberoamericana su Seminario de Historiograf\u00eda Mexicana, nos sugiri\u00f3 continuar la gu\u00eda de ese importante corpus documental. En 1979 y 1981, dos estudiantes de licenciatura en Historia prepararon su tesis con este objetivo. Mar\u00eda Isabel Monroy Castillo elabor\u00f3 la gu\u00eda de los a\u00f1os 1601-1610<strong><sup>2<\/sup><\/strong> y Mar\u00eda Luisa Pazos Pazos, por sugerencia de la maestra Guadalupe Borja, entonces directora del Archivo Hist\u00f3rico del Ayuntamiento, trabaj\u00f3 el periodo 1766-1775<strong><sup>3<\/sup><\/strong> Despu\u00e9s del sismo de 1985, que afect\u00f3 de manera sustantiva a la ciudad de M\u00e9xico, emprendimos el presente proyecto como un punto de partida de investigaciones orientadas a colaborar con la construcci\u00f3n de la memoria hist\u00f3rica en la capital. En esta segunda etapa, se titularon: un alumno de Ingenier\u00eda electr\u00f3nica<strong><sup>4<\/sup><\/strong>, dieciocho alumnos de la licenciatura en Historia de la Universidad Iberoamericana y dos en la Escuela Nacional de Antropolog\u00eda e Historia<strong><sup>5<\/sup><\/strong>. Las tesis pueden ser consultados en la colecci\u00f3n de tesis que resguarda la biblioteca de la Universidad Iberoamericana<strong><sup>6<\/sup><\/strong>. Los primeros trabajos fueron publicados en convenio con el Departamento del Distrito Federal en el a\u00f1o de 1987<strong><sup>7<\/sup><\/strong>.<\/p>\n<p style=\"text-align: justify;\">El volumen de la informaci\u00f3n y los avances de la tecnolog\u00eda nos llevaron suspender la impresi\u00f3n de las gu\u00edas en papel y nos dedicamos a elaborar la base de datos electr\u00f3nica para su consulta en Internet.<\/p>\n<p style=\"text-align: justify;\">La Gu\u00eda de las Actas de Cabildo, siglo XVII-XX es una obra colectiva realizada en un lapso de treinta a\u00f1os. En la investigaci\u00f3n han colaborado, en su etapa de estudiantes, acad\u00e9micos hoy en d\u00eda consolidados. En los cr\u00e9ditos, anotamos los nombres de quienes participaron en la investigaci\u00f3n hist\u00f3rica y, en los procesos t\u00e9cnicos, a quienes hicieron posible esta base de datos. Pedimos disculpas de antemano si se omite involuntariamente a alguna persona.<\/p>\n<p style=\"text-align: justify;\">La Gu\u00eda de los a\u00f1os que no fueron trabajados con el objetivo de titulaci\u00f3n ha sido tarea de j\u00f3venes que colaboraron como asistentes de investigaci\u00f3n y becarios en la Universidad Iberoamericana.<\/p>\n<p style=\"text-align: justify;\">Para la elaboraci\u00f3n de la Gu\u00eda se recurri\u00f3 a las actas publicadas en los siglos XIX y XX; se trata de las correspondientes a los siglos XVI, XVII, finales del XIX y principios del&nbsp;XX. Para el siglo XVIII y las primeras d\u00e9cadas del siglo XIX se cont\u00f3 con las actas originales, consultadas gracias al invaluable apoyo de los directivos del Archivo Hist\u00f3rico del Ayuntamiento.<\/p>\n<p style=\"text-align: justify;\">Conviene advertir que de algunos periodos no existen actas. En 1692 se incendi\u00f3 el edificio del Ayuntamiento, no obstante, las actas correspondientes al siglo XVI y gran parte del siglo XVII, fueron rescatadas, seg\u00fan lo anota el historiador Carlos de Sig\u00fcenza y G\u00f3ngora al final del primer libro:<\/p>\n<p style=\"text-align: justify;\">Don Carlos de Sig\u00fcenza y G\u00f3ngora cosm\u00f3grapho de su majestad catedr\u00e1tico juvilado de matem\u00e1ticas y capellan del Hospital Real del Amor de Dios de \u00e9sta Cibdad, nacido en ella a catorce de Agosto del a\u00f1o de mil seiscientos sesenta y cinco hijo de Don Carlos de Sig\u00fcenza maestro que fue del serenisimo principe Don Balthasar Carlos y de Do\u00f1a Dionisia Suarez de Figueroa y Gongora libr\u00f3 este libro y los que siguen del fuego en que perecieron los archivos de esta ciudad la noche del 8 de junio de 1692 que por falta de bastimento se amotin\u00f3 la plebe y quem\u00f3 el Palacio Real y Casas de Cabildo. Don Carlos de Sig\u00fcenza y G\u00f3ngora<strong style=\"font-variant-ligatures: normal; font-variant-caps: normal; font-family: Lato, sans-serif; font-size: 16px; font-style: normal; text-align: justify;\">8<\/strong>.<\/p>\n<p>Calder\u00f3n Madrigal, Claudia Guadalupe.<br \/>\nEstudio introductorio y gu\u00eda de las actas de Cabildo de la ciudad de M\u00e9xico 1851-1855.<\/p>\n<p>Carmona D\u00e1vila, Doralicia<\/p>\n<p>Una introducci\u00f3n al Cabildo de la ciudad de M\u00e9xico 1856-1860, 1990.<\/p>\n<p>1988<br \/>\nRiva Fern\u00e1ndez, Amanda de la.<br \/>\nGu\u00eda de las Actas de Cabildo de la Ciudad de M\u00e9xico.4.A\u00f1os 1731-1740, 1988.<\/p>\n<p>1981<br \/>\nPazos Pazos, Mar\u00eda Luisa Julia.<br \/>\nGu\u00eda de las Actas de Cabildo de la Ciudad de M\u00e9xico.5.A\u00f1os 1761-1770, 1981.<\/p>\n<p>1979<br \/>\nMonroy Castillo, Mar\u00eda Isabel.<br \/>\nGu\u00eda de las Actas de Cabildo de la Ciudad de M\u00e9xico, 1601-1610, 1979.<\/p>\n<p style=\"text-align: justify;\">En una nota que aparece impresa en la publicaci\u00f3n del libro 27 correspondiente a las actas de los a\u00f1os 1628 a 12 de agosto de 1630, inclusive, dice as\u00ed: \u201cLas actas que hubieron desde el lunes 12 de agosto de 1630, Libro 27, hasta la de 30 de abril de 1635 que comienza en el siguiente Libro 30, no se imprimen, en vista de que los Libros 28 y 29 en los cuales figuraron, se quemaron en el incendio que hubo en 1692\u201d9. De otros libros, se advierte su extrav\u00edo, y de algunos meses, se inform\u00f3 que no hubo cabildo. Antes de iniciar la publicaci\u00f3n del a\u00f1o 1698 aparece el siguiente mensaje: &#8220;Los a\u00f1os de 1694 a 1697 no se publican por no obrar en el archivo del Ayuntamiento los libros 36 y 37 en donde constan dichos a\u00f1os&#8221;10. El 4 de diciembre de 1849, Lucas Alam\u00e1n, en su calidad de presidente del Cabildo, consider\u00f3 importante dejar constancia de que asist\u00edan a la \u00faltima sesi\u00f3n de Cabildo en virtud de que hab\u00eda sido aceptada la renuncia que el 2 de diciembre hab\u00eda firmado el Cabildo en pleno, a causa de los disturbios en la ciudad, s\u00edntoma de las diferencias que se ten\u00edan con el gobernador de Distrito y con el presidente de la Rep\u00fablica, entonces Mariano Arista11. El 18 de septiembre de 1850 por decreto expedido por el Gobierno Supremo, se reestablece el Cabildo con los capitulares que lo integraban en 1848, presididos por Miguel Gonz\u00e1lez de Cos\u00edo12. El libro correspondiente a las actas del a\u00f1o 1807, no aparece en el inventario. Del a\u00f1o 1852, s\u00f3lo existen actas de enero a julio; no hay actas de agosto a diciembre y tampoco del a\u00f1o 1853.<\/p>\n<p style=\"text-align: justify;\">Concluimos estas l\u00edneas con nuestro m\u00e1s sincero reconocimiento a las autoridades y empleados del Archivo Hist\u00f3rico del Ayuntamiento de M\u00e9xico y a las autoridades, acad\u00e9micos, alumnos y personal administrativo de la Universidad Iberoamericana por el invaluable apoyo brindado.<\/p>\n<p>Mar\u00eda Cristina Torales Pacheco<br \/>\nDirecci\u00f3n del proyecto<br \/>\nDepartamento de Historia<br \/>\nUniversidad Iberoamericana<\/p>\n<p style=\"text-align: center;\"><strong>Cr\u00e9ditos<\/strong><\/p>\n<p style=\"font-variant-ligatures: normal; font-variant-caps: normal; font-style: normal; font-weight: 400;\"><strong>Investigaci\u00f3n<\/strong><br \/>\nDepartamento de Historia <strong>Direcci\u00f3n del proyecto<\/strong><br \/>\nMar\u00eda Cristina Torales Pacheco<br \/>\n<strong>Investigadores asesores de los siglos XIX y XX<\/strong><br \/>\nMar\u00eda Luisa Aspe Armella, Gabriela Aguirre Christiani, Laura P\u00e9rez Rosales y Sonia Quiroz Flores<\/p>\n<p style=\"font-variant-ligatures: normal; font-variant-caps: normal; font-style: normal; font-weight: 400;\"><strong>Investigadores<\/strong><br \/>\ns. XVII<br \/>\nAlan Rojas Orzechowski 1621-1622<br \/>\nIsabel Monroy Castillo 1601-1620<br \/>\nJos\u00e9 Fernando Madrid Quezada 1623, 1624,1626-1629<br \/>\nMarlene Lelo de Larrea Arnal 1625<br \/>\nOdette Mar\u00eda Rojas Sosa 1697-1700<\/p>\n<p>s. XVIII<br \/>\nAmanda de la Riva Fern\u00e1ndez 1731-1740<br \/>\nAna Bertha Campos 1721-1730<br \/>\nC\u00e1ndida Fern\u00e1ndez Ba\u00f1os 1751-1760<br \/>\nCatalina P\u00e9rez de Salazar Verea 1761-1764<br \/>\nConsuelo D\u00edaz Rosi\u00f1ol 1711-1720<br \/>\nEthel Herrera Moreno 1786-1790<br \/>\nMar\u00eda de la Soledad Zamudio Mart\u00ednez 1791-1800<br \/>\nMar\u00eda Luisa Pazos Pazos 1766-1775<br \/>\nMar\u00eda Teresa V\u00e9rtiz Revilla 1701-1710<br \/>\nMar\u00eda Trinidad Angelina Olivas Vargas 1776-1785<br \/>\nRub\u00ed Barocio Castells 1741-1750<\/p>\n<p>s. XIX<br \/>\nAdriana Gonz\u00e1lez Gallardo 1821-1825<br \/>\nAlan Rojas Orzechowski 1894<br \/>\nBetina G\u00f3mez Oliver 1831-1835<br \/>\nClaudia Guadalupe Calder\u00f3n Madrigal 1851-1855<br \/>\nClaudia Mart\u00ednez D\u00edaz 1876-1880<br \/>\nCovadonga Fern\u00e1ndez L\u00f3pez 1836-1840<br \/>\nDoralicia Carmona D\u00e1vila 1856-1860<br \/>\nIsabel Tovar de Teresa 1801-1810<br \/>\nJos\u00e9 Fernando Madrid Quezada 1811-14, 1820, 1846-50, 1862-65, 1892, 1898 y 1899<br \/>\nJosu\u00e9 Montes Enciso 1900 (tres meses)<br \/>\nLaura P\u00e9rez Rosales 1866-1870<br \/>\nLorenza Alarc\u00f3n Menchaca 1841-1845<br \/>\nMagdalena Graham Lelo de Larrea 1891-1895<br \/>\nMagdalena Zavala Bonachea 1896<br \/>\nMar\u00eda Eugenia Bejar L\u00f3pez Peniche 1871-1875<br \/>\nMar\u00eda Fernanda \u00c1lvarez Fern\u00e1ndez 1881<br \/>\nMar\u00eda Luisa Pazos Pazos 1826-1830<br \/>\nMartha Patricia Zamora Pati\u00f1o 1838<br \/>\nOdette Mar\u00eda Rojas Sosa 1815-1819<br \/>\nYearim Ortiz San Juan 1885, 1897 y 1900<\/p>\n<p>s. XX<br \/>\nBertha Myriam Z\u00e1rate Mart\u00ednez 1906-1910<br \/>\nJos\u00e9 Alfredo Mier Ochoa 1901-1905<br \/>\nLinda Patricia Sotelo Galeana 1911-1920<br \/>\nMar\u00eda de Guadalupe Alicia Ruiz y Maldonado 1921-1928<\/p>\n<p><strong>Asistentes de investigaci\u00f3n<\/strong><br \/>\nIgnacio Bravo \u00c1lvarez Malo 2008<br \/>\nPablo Castillo Olmedo 2008<br \/>\nGabriel Poot Mej\u00eda 2008<br \/>\nAlfonso Rodr\u00edguez Cabo 2008<br \/>\nJos\u00e9 Fernando Madrid Quezada 2008-2013<br \/>\nYearim Ortiz San Juan 2008-2012<\/p>\n<p><strong>Alumnos 2008-2013<\/strong><br \/>\nRebeca Shamah Chattaj &#8211; 2008<br \/>\nH\u00e9ctor Arturo de la O Avil\u00e9s &#8211; 2009<br \/>\nRafael Mijares Loustalot &#8211; 2009<br \/>\nV\u00edctor \u00c1ngel Flores Gonz\u00e1lez &#8211; 2009<br \/>\nYves Adri\u00e1n Manivel Rojas &#8211; 2009<br \/>\nYazbek Nereyda Quido Tenorio &#8211; 2009<br \/>\nAndrea Garc\u00eda Pazos &#8211; 2010<br \/>\nCarlos Cruz S\u00e1nchez &#8211; 2010<br \/>\nDaniela Mill\u00e1n Bautista &#8211; 2010<br \/>\nDiego Figueredo Rodr\u00edguez &#8211; 2010<br \/>\nDiego Su\u00e1rez Rojas &#8211; 2010-12<br \/>\nTania G\u00f3mez Huerta &#8211; 2010<br \/>\nAlejandro Vergil Salgado &#8211; 2011<br \/>\nAndrea Amezcua Espinosa &#8211; 2011<br \/>\nLemuel Reyes Santos &#8211; 2011<br \/>\nAlexandra de Losada Ortega &#8211; 2012-13<br \/>\nCarla Rivera Pastrana &#8211; 2012<br \/>\nCarlos Eduardo Mill\u00e1n Bernal &#8211; 2012-13<br \/>\nDiego Ricardo Su\u00e1rez Rojas &#8211; 2012<br \/>\nGerardo Alberto Salda\u00f1a Dom\u00ednguez &#8211; 2012-2013<br \/>\nIvette Rebollar P\u00e9rez &#8211; 2012<br \/>\nJes\u00fas Francisco Figueroa Olvera &#8211; 2012<br \/>\nAlan Israel Litenstein Chattaj &#8211; 2013<br \/>\nAlejandra F\u00e9lix Caballero &#8211; 2013<br \/>\nAna Cristina Sverdrup Alem\u00e1n &#8211; 2013<br \/>\nD\u00e1maris Policronaides Borraz &#8211; 2013<br \/>\nDiana Isabel Torres Go\u00f1i &#8211; 2013<br \/>\nEstefan\u00eda Ben\u00edtez Arias &#8211; 2013<br \/>\nIngrid Alexia Carbajal Ahedo &#8211; 2013<br \/>\nLorena Sada L\u00f3pez &#8211; 2013<br \/>\nMar\u00eda del Carmen Su\u00e1rez Carus &#8211; 2013<br \/>\nRegina G\u00f3mez Zertuche 2013<\/p>\n<p><strong>Apoyo tecnol\u00f3gico<\/strong><br \/>\nMtro. Ricardo Corona<br \/>\nMtro. Guillermo G\u00f3mez Abascal<br \/>\nMtro. Juan Carlos Castro<br \/>\nMtro. Jos\u00e9 Juan T\u00e9llez Bertadillo<br \/>\nMtra. Alma Rivera Aguilera<br \/>\nLic. Eduardo Cort\u00e9s Vasco<br \/>\nLic. Efra\u00edn Ju\u00e1rez Romero<\/p>\n<p><strong>Apoyo en la transcripci\u00f3n de los textos<\/strong><br \/>\nAna Mar\u00eda Mart\u00ednez del Olmo Blanca Monroy Padilla +<br \/>\nGabriela Bulnes Carpia<br \/>\nClaudia Rattia del Olmo<br \/>\nMartha Ruiz del Olmo<br \/>\nSilvia Mart\u00ednez del Olmo<br \/>\nVer\u00f3nica Ruiz del Olmo<\/p>\n","protected":false},"excerpt":{"rendered":"<p>Gu\u00eda de las actas del Cabildo de la Ciudad de M\u00e9xico, siglos XVII-XX IR A ACTAS En memoria de Ernesto Dom\u00ednguez Quiroga, S.J. Edmundo O\u2019Gorman O\u2019Gorman Guadalupe P\u00e9rez Sanvicente Guillermo Tovar de Teresa Las actas del cabildo de la ciudad<\/p>\n","protected":false},"author":1,"featured_media":0,"parent":0,"menu_order":0,"comment_status":"closed","ping_status":"closed","template":"","meta":[],"_links":{"self":[{"href":"https:\/\/www.bib.ibero.mx\/site\/index.php\/wp-json\/wp\/v2\/pages\/17531"}],"collection":[{"href":"https:\/\/www.bib.ibero.mx\/site\/index.php\/wp-json\/wp\/v2\/pages"}],"about":[{"href":"https:\/\/www.bib.ibero.mx\/site\/index.php\/wp-json\/wp\/v2\/types\/page"}],"author":[{"embeddable":true,"href":"https:\/\/www.bib.ibero.mx\/site\/index.php\/wp-json\/wp\/v2\/users\/1"}],"replies":[{"embeddable":true,"href":"https:\/\/www.bib.ibero.mx\/site\/index.php\/wp-json\/wp\/v2\/comments?post=17531"}],"version-history":[{"count":15,"href":"https:\/\/www.bib.ibero.mx\/site\/index.php\/wp-json\/wp\/v2\/pages\/17531\/revisions"}],"predecessor-version":[{"id":18113,"href":"https:\/\/www.bib.ibero.mx\/site\/index.php\/wp-json\/wp\/v2\/pages\/17531\/revisions\/18113"}],"wp:attachment":[{"href":"https:\/\/www.bib.ibero.mx\/site\/index.php\/wp-json\/wp\/v2\/media?parent=17531"}],"curies":[{"name":"wp","href":"https:\/\/api.w.org\/{rel}","templated":true}]}}